{"id":338,"date":"2022-07-27T12:00:00","date_gmt":"2022-07-27T10:00:00","guid":{"rendered":"podlove-2022-07-27t06:36:27+00:00-0ff2d1fe8694b81"},"modified":"2022-07-27T09:28:51","modified_gmt":"2022-07-27T07:28:51","slug":"alle-in-einem-boot","status":"publish","type":"podcast","link":"https:\/\/teufelskueche.unperfekt.blog\/?podcast=alle-in-einem-boot","title":{"rendered":"Alle in einem Boot"},"content":{"rendered":"\n    \n            <div class=\"podlove-web-player intrinsic-ignore podlove-web-player-loading\" id=\"player-69f300453125e\"><root data-test=\"player--xl\" style=\"max-width:950px;min-width:260px;\">\n  <div class=\"tablet:px-6 tablet:pt-6 mobile:px-4 mobile:pt-4 flex flex-col\">\n    <div class=\"flex-col items-center mobile:flex tablet:hidden\">\n      <show-title class=\"text-sm\"><\/show-title>\n      <episode-title class=\"text-base mb-2\"><\/episode-title>\n      <subscribe-button class=\"mb-4 mobile:flex tablet:hidden\"><\/subscribe-button>\n      <poster class=\"rounded-sm w-48 shadow overflow-hidden\"><\/poster>\n      <divider class=\"w-full my-6\"><\/divider>\n    <\/div>\n\n    <div class=\"tablet:flex flex-grow\">\n      <div class=\"w-64 mobile:hidden tablet:block tablet:mr-6\">\n        <poster class=\"rounded-sm shadow overflow-hidden\"><\/poster>\n      <\/div>\n      <div class=\"w-full\">\n        <div class=\"hidden tablet:block\">\n          <show-title class=\"text-base\"><\/show-title>\n          <episode-title class=\"text-xl desktop:text-2xl\"><\/episode-title>\n          <divider class=\"w-full my-4\"><\/divider>\n        <\/div>\n        <div class=\"flex items-center justify-between\">\n          <div class=\"block\">\n            <play-state on=\"active\">\n              <speed-control class=\"flex items-center\"><\/speed-control>\n            <\/play-state>\n          <\/div>\n\n          <div class=\"flex\">\n            <play-state on=\"active\">\n              <chapter-previous class=\"mx-2 block\"><\/chapter-previous>\n            <\/play-state>\n            <play-state on=\"active\">\n              <step-backward class=\"mx-2 block\"><\/step-backward>\n            <\/play-state>\n\n            <play-button class=\"mx-2 block\" :label=\"$t('PLAYER.PLAY_EPISODE')\"><\/play-button>\n\n            <play-state on=\"active\">\n              <step-forward class=\"mx-2 block\"><\/step-forward>\n            <\/play-state>\n            <play-state on=\"active\">\n              <chapter-next class=\"mx-2 block\"><\/chapter-next>\n            <\/play-state>\n          <\/div>\n\n          <div class=\"block\">\n            <play-state on=\"active\">\n              <volume-control class=\"flex items-center\"><\/volume-control>\n            <\/play-state>\n          <\/div>\n        <\/div>\n        <div class=\"flex w-full\">\n          <progress-bar><\/progress-bar>\n        <\/div>\n        <div class=\"flex w-full -mt-2\">\n          <div class=\"w-3\/12 text-left\">\n            <timer-current class=\"text-sm\"><\/timer-current>\n          <\/div>\n          <div class=\"w-6\/12 text-center truncate\">\n            <play-state on=\"active\">\n              <current-chapter class=\"text-sm\"><\/current-chapter>\n            <\/play-state>\n          <\/div>\n          <div class=\"w-3\/12 text-right\">\n            <timer-duration class=\"text-sm\"><\/timer-duration>\n          <\/div>\n        <\/div>\n      <\/div>\n    <\/div>\n    <divider class=\"w-full mt-6 mb-3\"><\/divider>\n    <div class=\"flex justify-between\">\n      <div class=\"flex mobile:w-full tablet:w-3\/12 desktop:w-3\/12 justify-between\">\n        <tab-trigger tab=\"chapters\">\n          <icon type=\"chapter\"><\/icon>\n        <\/tab-trigger>\n        <tab-trigger tab=\"transcripts\">\n          <icon type=\"transcripts\"><\/icon>\n        <\/tab-trigger>\n        <tab-trigger tab=\"files\">\n          <icon type=\"download\"><\/icon>\n        <\/tab-trigger>\n        <tab-trigger tab=\"playlist\">\n          <icon type=\"playlist\"><\/icon>\n        <\/tab-trigger>\n        <tab-trigger tab=\"share\">\n          <icon type=\"share\"><\/icon>\n        <\/tab-trigger>\n      <\/div>\n      <subscribe-button class=\"mt-1 mobile:hidden tablet:flex\"><\/subscribe-button>\n    <\/div>\n  <\/div>\n  <div class=\"w-full relative overflow-hidden\">\n    <tab name=\"chapters\">\n      <tab-chapters><\/tab-chapters>\n    <\/tab>\n    <tab name=\"transcripts\">\n      <tab-transcripts><\/tab-transcripts>\n    <\/tab>\n    <tab name=\"files\">\n      <tab-files><\/tab-files>\n    <\/tab>\n    <tab name=\"playlist\">\n      <tab-playlist><\/tab-playlist>\n    <\/tab>\n    <tab name=\"share\">\n      <tab-share><\/tab-share>\n    <\/tab>\n    <tab-overflow><\/tab-overflow>\n  <\/div>\n  <error><\/error>\n<\/root>\n<\/div>\n            <script>\n              document.addEventListener(\"DOMContentLoaded\", function() {\n                var player = document.getElementById(\"player-69f300453125e\");\n                podlovePlayerCache.add([{\"url\":\"https:\\\/\\\/teufelskueche.unperfekt.blog\\\/index.php?rest_route=\\\/podlove-web-player\\\/shortcode\\\/publisher\\\/338\",\"data\":{\"version\":5,\"show\":{\"title\":\"Neues aus Teufels K\\u00fcche\",\"subtitle\":\"Kommunizieren mit Lieblingsmenschen\",\"summary\":\"Wer sich auf eine Beziehung einl\\u00e4sst, kann sich schon mal in Teufels K\\u00fcche wiederfinden. Wir finden es da aber meistens ganz gem\\u00fctlich, denn jede Auseinandersetzung st\\u00e4rkt uns und bringt uns einander schlie\\u00dflich n\\u00e4her.\\r\\nWir, das sind Uwe Kr\\u00fcger und Bieke Meller. Wir \\u00fcben uns seit einigen Jahren begeistert in Gewaltfreier Kommunikation, zun\\u00e4chst jeder f\\u00fcr sich allein, bis uns die GFK schlie\\u00dflich zusammenf\\u00fchrte. Und nun sind wir dabei uns ein gem\\u00fctliches Zuhause einzurichten, in dem auch Teufels K\\u00fcche nicht fehlen darf.\",\"poster\":\"https:\\\/\\\/teufelskueche.unperfekt.blog\\\/index.php?podlove_image_cache_url=68747470733a2f2f74657566656c736b75656368652e756e70657266656b742e626c6f672f77702d636f6e74656e742f696d616765732f506f6463617374436f7665722e6a7067&podlove_width=500&podlove_height=0&podlove_crop=0&podlove_file_name=neues-aus-teufels-kueche\",\"link\":\"https:\\\/\\\/teufelskueche.unperfekt.blog\"},\"title\":\"Alle in einem Boot\",\"subtitle\":\"Nachdem mir einer dieser CO2-Rechner erkl\\u00e4rt hat, dass mein CO2-\\\"Verbrauch\\\" weniger als die H\\u00e4lfte des Bundesdurchschnitts ausmacht, war ich auch nicht schlauer. Was hei\\u00dft das denn jetzt f\\u00fcr mich? Entspannt zur\\u00fccklehnen, alles richtig gemacht?\",\"summary\":\"Das wird nicht reichen.\\r\\nDa m\\u00fcssen wir alle hin und vielleicht reicht es dann immer noch nicht. Wie k\\u00f6nnte ich dazu beitragen, dass auch der Durchschnitt sinkt?\\r\\nIn der Gewaltfreien Kommunikation wollen wir nicht erreichen, dass andere tun, was wir ihnen sagen. Wir wollen Verbindung, wir wollen einander sehen in der Sch\\u00f6nheit unserer Bed\\u00fcrfnisse und dann findet die L\\u00f6sung uns, sagt Marshall. Und es stimmt ja auch, \\u00e4ndern k\\u00f6nnen wir sowieso immer nur uns selbst.\\r\\nIn der aktuellen Debatte um den Klimawandel werde ich mutlos, wenn ich mir das klarmache. Am liebsten w\\u00fcrde ich versuchen, auch Andere zu motivieren, bewusster zu leben, Ihr Kauf-, Ern\\u00e4hrungs- und Mobilit\\u00e4tsverhalten zu ver\\u00e4ndern. Und bin doch ganz verzagt. Wenn ich lese, wie heftig, unsachlich und pers\\u00f6nlich die Reaktionen auf die jungen Frauen und M\\u00e4dchen, die die Identifikationsfiguren der Fridays For Future Bewegung sind, klingen, schrecke ich regelrecht zur\\u00fcck. Ich wei\\u00df ganz sicher, dass ich es nicht ertragen k\\u00f6nnte, wenn Menschen so heftig auf meine Worte reagieren w\\u00fcrden.\\r\\n\\r\\nAber bevor ich mir diese Verzagtheit auch noch \\u00fcbel nehme, mache ich mir klar, dass ich viel mehr tue, als still und leise Plastikverpackung zu vermeiden. Ich spreche dar\\u00fcber. Immer wieder und \\u00fcberall. Ich erz\\u00e4hle niemandem, was er oder sie alles falsch macht und wie es richtig ist. Aber ich erz\\u00e4hle von mir. Was mir wichtig ist, was ich versuche zu tun und auch, was mir schwer f\\u00e4llt. \\r\\nUnd pl\\u00f6tzlich macht sich mein junger Chef zusammen mit seiner Frau auf und probiert, in ganz normalen Superm\\u00e4rkten plastikfrei einzukaufen. Denn wenn er mit dem Diesel in die n\\u00e4chstgr\\u00f6\\u00dfere Stadt fahren w\\u00fcrde, in der es einen Unverpackt-Laden gibt, w\\u00e4re das ja auch wieder irgendwie kontraproduktiv. \\r\\nEin anderer Kollege, der es hasst, jeden Morgen im Bus zu sitzen, hat extra den F\\u00fchrerschein gemacht um fortan morgens allein in seinem eigenen Auto seine Ruhe zu haben. Doch inzwischen hat er es sich anders \\u00fcberlegt. Er wei\\u00df nun zu sch\\u00e4tzen, dass er die M\\u00f6glichkeit hat, mit dem Bus zur Arbeit zu fahren. Das ist f\\u00fcr viele Andere nicht so leicht. Und das Auto hat er nicht gekauft.\\r\\nMeine Freundin aus Kindertagen hat zwei T\\u00f6chter, von denen sie sagt: Die Eine ist Fridays-For-Future, die Andere ist Black-Friday. Aber die Schwestern reden miteinander, mitunter laut und unerbittlich, aber sie reden. Die Gro\\u00dfe hat verk\\u00fcndet, dass sie nicht mit der Familie in den Urlaub fliegen wird. Also machen sie in diesem Jahr Urlaub mit Fahrrad und Bahn.\\r\\n\\u00dcberall um mich herum machen sich die Menschen Gedanken \\u00fcber ihr Handeln  und ver\\u00e4ndern etwas, probieren Neues aus oder entdecken Altes neu.\\r\\nUnd das kann ich feiern.\\r\\n\\r\\nAber: Meine soziale Blase ist nicht die Arche Noah.\\r\\nUnd wenn die Nahrung knapp wird, gibt es keinen Extra-Obstsalat f\\u00fcr mich, weil ich immer so sch\\u00f6n wenig CO2 \\u2026\\r\\n\\r\\nDenn, es gibt ja auch die anderen. \\r\\nDie liebgewonnene Bequemlichkeiten nicht aufgeben wollen. \\r\\nDie nicht glauben (wollen), was der Klimawandel bedeutet und was uns bevorsteht.\\r\\nDie mit Aggression auf die Aktivisten reagieren\\r\\nOder mit Angst\\r\\n\\u2026\\r\\nUnd wie gehe ich mit denen um?\\r\\n\\\"Kinder, vertragt Euch doch\\\", hat die Oma immer gesagt. Und da hatte sie auch wieder recht, denn mit dem Boot, in dem wir alle zusammen sitzen, gehen wir entweder zusammen unter oder wir schaffen es gemeinsam. Alle zusammen. Die Familien, in denen es pro F\\u00fchrerschein ein Auto gibt, die Umwelt-Aktivisten, die Gefl\\u00fcchteten, die Bio-Bauern, die Alten, die Leute mit der Photo-Voltaik auf dem Dach, die Jungen, die Radfahrer, \\u2026, einfach alle.\",\"publicationDate\":\"2022-07-27T12:00:00+02:00\",\"duration\":\"00:29:58.583\",\"poster\":\"https:\\\/\\\/teufelskueche.unperfekt.blog\\\/index.php?podlove_image_cache_url=68747470733a2f2f74657566656c736b75656368652e756e70657266656b742e626c6f672f77702d636f6e74656e742f75706c6f6164732f323032322f30372f436f766572457069736f646531302e6a7067&podlove_width=500&podlove_height=0&podlove_crop=0&podlove_file_name=alle-in-einem-boot\",\"link\":\"https:\\\/\\\/teufelskueche.unperfekt.blog\\\/?podcast=alle-in-einem-boot\",\"chapters\":[{\"start\":\"00:00:00.000\",\"title\":\"Ap\\u00e9ritif\",\"href\":\"\",\"image\":\"\"},{\"start\":\"00:00:36.000\",\"title\":\"Amuse Gueul\",\"href\":\"\",\"image\":\"\"},{\"start\":\"00:01:35.000\",\"title\":\"Hauptgang\",\"href\":\"\",\"image\":\"\"},{\"start\":\"00:07:09.000\",\"title\":\"Schatz, wir m\\u00fcssen reden\",\"href\":\"\",\"image\":\"\"},{\"start\":\"00:29:03.000\",\"title\":\"Digestif\",\"href\":\"\",\"image\":\"\"}],\"audio\":[{\"url\":\"https:\\\/\\\/teufelskueche.unperfekt.blog\\\/?download_media_file=13&ptm_source=webplayer&ptm_context=website&ptm_file=NATK_10.mp3\",\"size\":\"28777983\",\"title\":\"MP3 Audio (mp3)\",\"mimeType\":\"audio\\\/mpeg\"}],\"files\":[{\"url\":\"https:\\\/\\\/teufelskueche.unperfekt.blog\\\/?download_media_file=13&ptm_source=webplayer&ptm_context=&ptm_file=NATK_10.mp3\",\"size\":\"28777983\",\"title\":\"MP3 Audio\",\"mimeType\":\"audio\\\/mpeg\"}],\"contributors\":[{\"id\":\"1\",\"name\":\"Bieke\",\"avatar\":\"https:\\\/\\\/teufelskueche.unperfekt.blog\\\/wp-content\\\/cache\\\/podlove\\\/ba\\\/ba7e748662a77a0a6228994b5f4d16\\\/bieke_150x150.jpg\",\"role\":null,\"group\":null,\"comment\":null},{\"id\":\"2\",\"name\":\"Uwe\",\"avatar\":\"https:\\\/\\\/teufelskueche.unperfekt.blog\\\/index.php?podlove_image_cache_url=68747470733a2f2f74657566656c736b75656368652e756e70657266656b742e626c6f672f77702d636f6e74656e742f75706c6f6164732f323032312f31322f5577652e706e67&podlove_width=150&podlove_height=150&podlove_crop=0&podlove_file_name=uwe\",\"role\":null,\"group\":null,\"comment\":null}]}}, {\"url\":\"https:\\\/\\\/teufelskueche.unperfekt.blog\\\/index.php?rest_route=\\\/podlove-web-player\\\/shortcode\\\/config\\\/default\\\/theme\\\/teufelskueche\",\"data\":{\"activeTab\":\"shownotes\",\"subscribe-button\":null,\"share\":{\"channels\":[\"whats-app\",\"pinterest\",\"mail\"],\"outlet\":\"https:\\\/\\\/teufelskueche.unperfekt.blog\\\/wp-content\\\/plugins\\\/podlove-web-player\\\/web-player\\\/share.html\",\"sharePlaytime\":true},\"related-episodes\":{\"source\":\"disabled\",\"value\":null},\"version\":5,\"theme\":{\"tokens\":{\"brand\":\"#ff0000\",\"brandDark\":\"#360f00\",\"brandDarkest\":\"#ff0000\",\"brandLightest\":\"#ffffff\",\"shadeDark\":\"#ff0000\",\"shadeBase\":\"#360f00\",\"contrast\":\"#360f00\",\"alt\":\"#fff\"},\"fonts\":{\"ci\":{\"name\":\"ci\",\"family\":[\"-apple-system\",\"BlinkMacSystemFont\",\"Segoe UI\",\"Roboto\",\"Helvetica\",\"Arial\",\"sans-serif\",\"Apple Color Emoji\",\"Segoe UI Emoji\\\", \\\"Segoe UI Symbol\"],\"src\":[],\"weight\":800},\"regular\":{\"name\":\"regular\",\"family\":[\"-apple-system\",\"BlinkMacSystemFont\",\"Segoe UI\",\"Roboto\",\"Helvetica\",\"Arial\",\"sans-serif\",\"Apple Color Emoji\",\"Segoe UI Emoji\\\", \\\"Segoe UI Symbol\"],\"src\":[],\"weight\":300},\"bold\":{\"name\":\"bold\",\"family\":[\"-apple-system\",\"BlinkMacSystemFont\",\"Segoe UI\",\"Roboto\",\"Helvetica\",\"Arial\",\"sans-serif\",\"Apple Color Emoji\",\"Segoe UI Emoji\\\", \\\"Segoe UI Symbol\"],\"src\":[],\"weight\":700}}},\"base\":\"https:\\\/\\\/teufelskueche.unperfekt.blog\\\/wp-content\\\/plugins\\\/podlove-web-player\\\/web-player\\\/\"}}]);\n                podlovePlayer(player, \"https:\/\/teufelskueche.unperfekt.blog\/index.php?rest_route=\/podlove-web-player\/shortcode\/publisher\/338\", \"https:\/\/teufelskueche.unperfekt.blog\/index.php?rest_route=\/podlove-web-player\/shortcode\/config\/default\/theme\/teufelskueche\").then(function() {\n                  player && player.classList.remove(\"podlove-web-player-loading\");\n                });\n              });\n            <\/script>\n            <style>\n              .podlove-web-player.podlove-web-player-loading {\n                opacity: 0;\n              }\n            <\/style>\n        \n\n\n    \n\n\t<div class=\"podlove-contributors-cards\">\n\t\t\t\t\t\n\t\t\t\t<div class=\"podlove-contributors-card\">\n\t\t\t\t\t<div class=\"podlove-contributors-card-inner\">\n\t\t\t\t\t\t<div class=\"podlove-contributors-card-avatar\">\n\t\t\t\t\t\t\t\n<img loading=\"lazy\" decoding=\"async\" alt=\"avatar\" width=\"50\" height=\"50\" src=\"https:\/\/teufelskueche.unperfekt.blog\/wp-content\/cache\/podlove\/ba\/ba7e748662a77a0a6228994b5f4d16\/bieke_50x50.jpg\" srcset=\"https:\/\/teufelskueche.unperfekt.blog\/wp-content\/cache\/podlove\/ba\/ba7e748662a77a0a6228994b5f4d16\/bieke_50x50.jpg 1x, https:\/\/teufelskueche.unperfekt.blog\/index.php?podlove_image_cache_url=68747470733a2f2f74657566656c736b75656368652e756e70657266656b742e626c6f672f77702d636f6e74656e742f75706c6f6164732f323032312f31322f4269656b6550726f66696c62696c642e6a7067&amp;podlove_width=100&amp;podlove_height=0&amp;podlove_crop=0&amp;podlove_file_name=bieke 2x, https:\/\/teufelskueche.unperfekt.blog\/index.php?podlove_image_cache_url=68747470733a2f2f74657566656c736b75656368652e756e70657266656b742e626c6f672f77702d636f6e74656e742f75706c6f6164732f323032312f31322f4269656b6550726f66696c62696c642e6a7067&amp;podlove_width=150&amp;podlove_height=0&amp;podlove_crop=0&amp;podlove_file_name=bieke 3x\"\/>\n\n\t\t\t\t\t\t<\/div>\n\t\t\t\t\t\t<div class=\"podlove-contributors-card-person\">\n\t\t\t\t\t\t\t<div style=\"align-self: center\">\n\t\t\t\t\t\t\t\t<div style=\"font-weight: 400;\">Bieke<\/div>\n\t\t\t\t\t\t\t\t\t\t\t\t\t\t\t<\/div>\n\t\t\t\t\t\t\t<div class=\"podlove-contributors-card-services\">\n\t\t\t\t\t\t\t\t\t\t\t\t\t\t\t\t\t\t\t\t\t\t\t\t\t\t\t\t\t\t\t\t\t\t\t\t\t\t\t\t<\/div>\n\t\t\t\t\t\t<\/div>\n\t\t\t\t\t<\/div>\n\t\t\t\t<\/div>\n\n\t\t\t\t\t\t\t\t\n\t\t\t\t<div class=\"podlove-contributors-card\">\n\t\t\t\t\t<div class=\"podlove-contributors-card-inner\">\n\t\t\t\t\t\t<div class=\"podlove-contributors-card-avatar\">\n\t\t\t\t\t\t\t\n<img loading=\"lazy\" decoding=\"async\" alt=\"avatar\" width=\"50\" height=\"50\" src=\"https:\/\/teufelskueche.unperfekt.blog\/wp-content\/cache\/podlove\/ce\/863130b0a394f12f96d51b9ece3209\/uwe_50x50.png\" srcset=\"https:\/\/teufelskueche.unperfekt.blog\/wp-content\/cache\/podlove\/ce\/863130b0a394f12f96d51b9ece3209\/uwe_50x50.png 1x, https:\/\/teufelskueche.unperfekt.blog\/index.php?podlove_image_cache_url=68747470733a2f2f74657566656c736b75656368652e756e70657266656b742e626c6f672f77702d636f6e74656e742f75706c6f6164732f323032312f31322f5577652e706e67&amp;podlove_width=100&amp;podlove_height=0&amp;podlove_crop=0&amp;podlove_file_name=uwe 2x\"\/>\n\n\t\t\t\t\t\t<\/div>\n\t\t\t\t\t\t<div class=\"podlove-contributors-card-person\">\n\t\t\t\t\t\t\t<div style=\"align-self: center\">\n\t\t\t\t\t\t\t\t<div style=\"font-weight: 400;\">Uwe<\/div>\n\t\t\t\t\t\t\t\t\t\t\t\t\t\t\t<\/div>\n\t\t\t\t\t\t\t<div class=\"podlove-contributors-card-services\">\n\t\t\t\t\t\t\t\t\t\t\t\t\t\t\t\t\t\t\t\t\t\t\t\t\t\t\t\t\t\t\t\t\t\t\t\t\t\t\t\t<\/div>\n\t\t\t\t\t\t<\/div>\n\t\t\t\t\t<\/div>\n\t\t\t\t<\/div>\n\n\t\t\t\t\t\t<\/div>\n\n\t<style>\n\t\t.podlove-contributors-cards {\n\t\t\tmargin-bottom: 1rem;\n\t\t\tbackground: white;\n\t\t\toverflow: hidden;\n\t\t\tborder-radius: 0.375rem;\n\t\t\tbox-shadow: 0 1px 3px 0 rgba(0, 0, 0, 0.1), 0 1px 2px 0 rgba(0, 0, 0, 0.06);\n\t\t}\n\t\t.podlove-contributors-card {\n\t\t\tdisplay: flex;\n\t\t\talign-items: center;\n\t\t\tpadding: 1rem 1.5rem\n\t\t}\n\t\t.podlove-contributors-card-inner {\n\t\t\tdisplay: flex;\n\t\t\talign-items: center;\n\t\t\tflex: 1 1 0;\n\t\t\tmin-width: 0;\n\t\t}\n\t\t.podlove-contributors-card-avatar {\n\t\t\twidth: 50px;\n\t\t\theight: 50px;\n\t\t\tborder-radius: 0.25rem;\n\t\t\toverflow: hidden;\n\t\t\tflex-shrink: 0;\n\t\t}\n\t\t.podlove-contributors-card-person {\n\t\t\tflex: 1 1 0;\n\t\t\tmin-width: 0;\n\t\t\tpadding: 0 1rem;\n\t\t\tdisplay: grid;\n\t\t\tgrid-template-columns: repeat(2, minmax(0, 1fr));\n\t\t\tgap: 1rem;\n\t\t}\n\t\t.podlove-contributors-card-person-details {\n\t\t\tcolor: #999\n\t\t}\n\t\t.podlove-contributors-card-services {\n\t\t\tflex-wrap: wrap;\n\t\t\tdisplay: flex;\n\t\t\talign-items: center;\n\t\t\talign-content: center;\n\t\t\tjustify-content: flex-end;\n\t\t}\n\t\t.podlove-contributors-card-services-service {\n\t\t\tdisplay: inline-block;\n\t\t\tflex-shrink: 0;\n\t\t\tpadding-left: 0.5rem;\n\t\t\ttext-decoration: none;\n\t\t\tbox-shadow: none;\n\t\t}\n\t<\/style>\n\n\n\n\nNachdem mir einer dieser CO2-Rechner erkl\u00e4rt hat, dass mein CO2-\"Verbrauch\" weniger als die H\u00e4lfte des Bundesdurchschnitts ausmacht, war ich auch nicht schlauer. Was hei\u00dft das denn jetzt f\u00fcr mich? Entspannt zur\u00fccklehnen, alles richtig gemacht?\n<h3><\/h3>\nDas wird nicht reichen.\r\nDa m\u00fcssen wir alle hin und vielleicht reicht es dann immer noch nicht. Wie k\u00f6nnte ich dazu beitragen, dass auch der Durchschnitt sinkt?\r\nIn der Gewaltfreien Kommunikation wollen wir nicht erreichen, dass andere tun, was wir ihnen sagen. Wir wollen Verbindung, wir wollen einander sehen in der Sch\u00f6nheit unserer Bed\u00fcrfnisse und dann findet die L\u00f6sung uns, sagt Marshall. Und es stimmt ja auch, \u00e4ndern k\u00f6nnen wir sowieso immer nur uns selbst.\r\nIn der aktuellen Debatte um den Klimawandel werde ich mutlos, wenn ich mir das klarmache. Am liebsten w\u00fcrde ich versuchen, auch Andere zu motivieren, bewusster zu leben, Ihr Kauf-, Ern\u00e4hrungs- und Mobilit\u00e4tsverhalten zu ver\u00e4ndern. Und bin doch ganz verzagt. Wenn ich lese, wie heftig, unsachlich und pers\u00f6nlich die Reaktionen auf die jungen Frauen und M\u00e4dchen, die die Identifikationsfiguren der Fridays For Future Bewegung sind, klingen, schrecke ich regelrecht zur\u00fcck. Ich wei\u00df ganz sicher, dass ich es nicht ertragen k\u00f6nnte, wenn Menschen so heftig auf meine Worte reagieren w\u00fcrden.\r\n\r\nAber bevor ich mir diese Verzagtheit auch noch \u00fcbel nehme, mache ich mir klar, dass ich viel mehr tue, als still und leise Plastikverpackung zu vermeiden. Ich spreche dar\u00fcber. Immer wieder und \u00fcberall. Ich erz\u00e4hle niemandem, was er oder sie alles falsch macht und wie es richtig ist. Aber ich erz\u00e4hle von mir. Was mir wichtig ist, was ich versuche zu tun und auch, was mir schwer f\u00e4llt. \r\nUnd pl\u00f6tzlich macht sich mein junger Chef zusammen mit seiner Frau auf und probiert, in ganz normalen Superm\u00e4rkten plastikfrei einzukaufen. Denn wenn er mit dem Diesel in die n\u00e4chstgr\u00f6\u00dfere Stadt fahren w\u00fcrde, in der es einen Unverpackt-Laden gibt, w\u00e4re das ja auch wieder irgendwie kontraproduktiv. \r\nEin anderer Kollege, der es hasst, jeden Morgen im Bus zu sitzen, hat extra den F\u00fchrerschein gemacht um fortan morgens allein in seinem eigenen Auto seine Ruhe zu haben. Doch inzwischen hat er es sich anders \u00fcberlegt. Er wei\u00df nun zu sch\u00e4tzen, dass er die M\u00f6glichkeit hat, mit dem Bus zur Arbeit zu fahren. Das ist f\u00fcr viele Andere nicht so leicht. Und das Auto hat er nicht gekauft.\r\nMeine Freundin aus Kindertagen hat zwei T\u00f6chter, von denen sie sagt: Die Eine ist Fridays-For-Future, die Andere ist Black-Friday. Aber die Schwestern reden miteinander, mitunter laut und unerbittlich, aber sie reden. Die Gro\u00dfe hat verk\u00fcndet, dass sie nicht mit der Familie in den Urlaub fliegen wird. Also machen sie in diesem Jahr Urlaub mit Fahrrad und Bahn.\r\n\u00dcberall um mich herum machen sich die Menschen Gedanken \u00fcber ihr Handeln  und ver\u00e4ndern etwas, probieren Neues aus oder entdecken Altes neu.\r\nUnd das kann ich feiern.\r\n\r\nAber: Meine soziale Blase ist nicht die Arche Noah.\r\nUnd wenn die Nahrung knapp wird, gibt es keinen Extra-Obstsalat f\u00fcr mich, weil ich immer so sch\u00f6n wenig CO2 \u2026\r\n\r\nDenn, es gibt ja auch die anderen. \r\nDie liebgewonnene Bequemlichkeiten nicht aufgeben wollen. \r\nDie nicht glauben (wollen), was der Klimawandel bedeutet und was uns bevorsteht.\r\nDie mit Aggression auf die Aktivisten reagieren\r\nOder mit Angst\r\n\u2026\r\nUnd wie gehe ich mit denen um?\r\n\"Kinder, vertragt Euch doch\", hat die Oma immer gesagt. Und da hatte sie auch wieder recht, denn mit dem Boot, in dem wir alle zusammen sitzen, gehen wir entweder zusammen unter oder wir schaffen es gemeinsam. Alle zusammen. Die Familien, in denen es pro F\u00fchrerschein ein Auto gibt, die Umwelt-Aktivisten, die Gefl\u00fcchteten, die Bio-Bauern, die Alten, die Leute mit der Photo-Voltaik auf dem Dach, die Jungen, die Radfahrer, \u2026, einfach alle.\n<h3><\/h3>\n\nUm eine E-Mail zu schicken einfach hier klicken f\u00fcr <a href=\"javascript:location='mailto:\\u0066\\u0061\\u006e\\u0070\\u006f\\u0073\\u0074\\u002e\\u0074\\u006b\\u0040\\u0075\\u006e\\u0070\\u0065\\u0072\\u0066\\u0065\\u006b\\u0074\\u002e\\u0062\\u006c\\u006f\\u0067';void 0\">Fanpost an Teufelsk\u00fcche<\/a>\n<br><\/br>Unsere Kolumne erscheint in der Zeitschrift Empathische Zeit (<a href=\"https:\/\/www.empathischezeit.com\">empathischezeit.com<\/a>).\n\n","protected":false},"author":3,"featured_media":339,"comment_status":"closed","ping_status":"open","template":"","meta":{"footnotes":""},"categories":[7],"tags":[19,3,4,20,18,5,6],"class_list":["post-338","podcast","type-podcast","status-publish","has-post-thumbnail","hentry","category-podcast","tag-fridaysforfuture","tag-gewaltfreie-kommunikation","tag-gfk","tag-hoffnung","tag-klimakrise","tag-lieblingsmensch","tag-paargespraeche","post"],"_links":{"self":[{"href":"https:\/\/teufelskueche.unperfekt.blog\/index.php?rest_route=\/wp\/v2\/episodes\/338"}],"collection":[{"href":"https:\/\/teufelskueche.unperfekt.blog\/index.php?rest_route=\/wp\/v2\/episodes"}],"about":[{"href":"https:\/\/teufelskueche.unperfekt.blog\/index.php?rest_route=\/wp\/v2\/types\/podcast"}],"author":[{"embeddable":true,"href":"https:\/\/teufelskueche.unperfekt.blog\/index.php?rest_route=\/wp\/v2\/users\/3"}],"replies":[{"embeddable":true,"href":"https:\/\/teufelskueche.unperfekt.blog\/index.php?rest_route=%2Fwp%2Fv2%2Fcomments&post=338"}],"version-history":[{"count":1,"href":"https:\/\/teufelskueche.unperfekt.blog\/index.php?rest_route=\/wp\/v2\/episodes\/338\/revisions"}],"predecessor-version":[{"id":340,"href":"https:\/\/teufelskueche.unperfekt.blog\/index.php?rest_route=\/wp\/v2\/episodes\/338\/revisions\/340"}],"wp:featuredmedia":[{"embeddable":true,"href":"https:\/\/teufelskueche.unperfekt.blog\/index.php?rest_route=\/wp\/v2\/media\/339"}],"wp:attachment":[{"href":"https:\/\/teufelskueche.unperfekt.blog\/index.php?rest_route=%2Fwp%2Fv2%2Fmedia&parent=338"}],"wp:term":[{"taxonomy":"category","embeddable":true,"href":"https:\/\/teufelskueche.unperfekt.blog\/index.php?rest_route=%2Fwp%2Fv2%2Fcategories&post=338"},{"taxonomy":"post_tag","embeddable":true,"href":"https:\/\/teufelskueche.unperfekt.blog\/index.php?rest_route=%2Fwp%2Fv2%2Ftags&post=338"}],"curies":[{"name":"wp","href":"https:\/\/api.w.org\/{rel}","templated":true}]}}